{"id":131,"date":"2015-08-24T20:48:59","date_gmt":"2015-08-24T20:48:59","guid":{"rendered":"http:\/\/club-des-ecureuils.fr\/?page_id=131"},"modified":"2022-03-18T13:49:03","modified_gmt":"2022-03-18T13:49:03","slug":"horaires","status":"publish","type":"page","link":"https:\/\/club-des-ecureuils.fr\/?page_id=131","title":{"rendered":"Horaires Temps-Libre"},"content":{"rendered":"<p style=\"text-align: center;\"><a href=\"https:\/\/club-des-ecureuils.fr\/?page_id=126\">TLMS<\/a> &#8211; <a href=\"https:\/\/club-des-ecureuils.fr\/?page_id=131\">Horaires<\/a> &#8211; <a href=\"https:\/\/club-des-ecureuils.fr\/?page_id=135\">Actualit\u00e9s<\/a> &#8211;\u00a0<a href=\"https:\/\/club-des-ecureuils.fr\/?page_id=133\">Phototh\u00e8que<\/a> &#8211; <a href=\"https:\/\/club-des-ecureuils.fr\/?page_id=147\">Vid\u00e9oth\u00e8que<\/a><\/p>\n<table style=\"height: 261px;\" width=\"703\">\n<tbody>\n<tr>\n<td colspan=\"4\">\n<h2>\u00a0\u00a0\u00a0\u00a0\u00a0\u00a0\u00a0\u00a0\u00a0\u00a0\u00a0\u00a0\u00a0\u00a0\u00a0\u00a0\u00a0\u00a0\u00a0\u00a0\u00a0\u00a0\u00a0\u00a0\u00a0\u00a0\u00a0\u00a0\u00a0\u00a0\u00a0\u00a0\u00a0\u00a0\u00a0\u00a0\u00a0\u00a0\u00a0\u00a0<span style=\"color: #800080;\">Temps Libre Multi Sports<\/span><\/h2>\n<\/td>\n<\/tr>\n<tr>\n<td width=\"290\"><span style=\"color: #339966;\">Educateur sportif: St\u00e9phane<\/span><\/p>\n<p>Salle des sports (complexe du Parc)<\/p>\n<p>Gymnase du coll\u00e8ge<\/td>\n<td width=\"178\">\n<p>Adultes<\/p>\n<p>Adultes<\/td>\n<td width=\"102\">\n<p>Mardi<\/p>\n<p>Jeudi<\/td>\n<td width=\"137\">\n<p>20h30 &#8211; 22h00<\/p>\n<p>20h45 &#8211; 22h15<\/td>\n<\/tr>\n<tr>\n<td width=\"290\"><span style=\"color: #339966;\">Educateur sportif: Alix<\/span><\/p>\n<p>Salle des sports (complexe du Parc)<\/td>\n<td width=\"178\">\n<p>S\u00e9niors<\/td>\n<td width=\"102\">\n<p>Mardi<\/td>\n<td width=\"137\">\n<p>10h \u201311h30<\/td>\n<\/tr>\n<\/tbody>\n<\/table>\n","protected":false},"excerpt":{"rendered":"<p>TLMS &#8211; Horaires &#8211; Actualit\u00e9s &#8211;\u00a0Phototh\u00e8que &#8211; Vid\u00e9oth\u00e8que \u00a0\u00a0\u00a0\u00a0\u00a0\u00a0\u00a0\u00a0\u00a0\u00a0\u00a0\u00a0\u00a0\u00a0\u00a0\u00a0\u00a0\u00a0\u00a0\u00a0\u00a0\u00a0\u00a0\u00a0\u00a0\u00a0\u00a0\u00a0\u00a0\u00a0\u00a0\u00a0\u00a0\u00a0\u00a0\u00a0\u00a0\u00a0\u00a0\u00a0Temps Libre Multi Sports Educateur sportif: St\u00e9phane Salle des sports (complexe du Parc) Gymnase du coll\u00e8ge Adultes Adultes Mardi Jeudi 20h30 &#8211; 22h00 20h45 &#8211; 22h15 Educateur sportif: Alix Salle des sports (complexe du Parc) S\u00e9niors Mardi 10h \u201311h30<\/p>\n","protected":false},"author":1,"featured_media":0,"parent":126,"menu_order":1,"comment_status":"closed","ping_status":"closed","template":"","meta":{"footnotes":""},"class_list":["post-131","page","type-page","status-publish","hentry"],"_links":{"self":[{"href":"https:\/\/club-des-ecureuils.fr\/index.php?rest_route=\/wp\/v2\/pages\/131","targetHints":{"allow":["GET"]}}],"collection":[{"href":"https:\/\/club-des-ecureuils.fr\/index.php?rest_route=\/wp\/v2\/pages"}],"about":[{"href":"https:\/\/club-des-ecureuils.fr\/index.php?rest_route=\/wp\/v2\/types\/page"}],"author":[{"embeddable":true,"href":"https:\/\/club-des-ecureuils.fr\/index.php?rest_route=\/wp\/v2\/users\/1"}],"replies":[{"embeddable":true,"href":"https:\/\/club-des-ecureuils.fr\/index.php?rest_route=%2Fwp%2Fv2%2Fcomments&post=131"}],"version-history":[{"count":13,"href":"https:\/\/club-des-ecureuils.fr\/index.php?rest_route=\/wp\/v2\/pages\/131\/revisions"}],"predecessor-version":[{"id":4965,"href":"https:\/\/club-des-ecureuils.fr\/index.php?rest_route=\/wp\/v2\/pages\/131\/revisions\/4965"}],"up":[{"embeddable":true,"href":"https:\/\/club-des-ecureuils.fr\/index.php?rest_route=\/wp\/v2\/pages\/126"}],"wp:attachment":[{"href":"https:\/\/club-des-ecureuils.fr\/index.php?rest_route=%2Fwp%2Fv2%2Fmedia&parent=131"}],"curies":[{"name":"wp","href":"https:\/\/api.w.org\/{rel}","templated":true}]}}