{"id":199,"date":"2015-08-24T21:53:44","date_gmt":"2015-08-24T21:53:44","guid":{"rendered":"http:\/\/club-des-ecureuils.fr\/?page_id=199"},"modified":"2026-03-02T15:49:39","modified_gmt":"2026-03-02T15:49:39","slug":"vtt-parfum-nature","status":"publish","type":"page","link":"https:\/\/club-des-ecureuils.fr\/?page_id=199","title":{"rendered":"Cyclisme (Cyclo &#8211; Gravel &#8211; VTT)"},"content":{"rendered":"<p style=\"text-align: center;\"><img loading=\"lazy\" decoding=\"async\" class=\"alignnone size-medium wp-image-6834 aligncenter\" src=\"https:\/\/club-des-ecureuils.fr\/wp-content\/uploads\/2025\/10\/Logo-Stickers-2025-300x107.png\" alt=\"\" width=\"300\" height=\"107\" srcset=\"https:\/\/club-des-ecureuils.fr\/wp-content\/uploads\/2025\/10\/Logo-Stickers-2025-300x107.png 300w, https:\/\/club-des-ecureuils.fr\/wp-content\/uploads\/2025\/10\/Logo-Stickers-2025-768x275.png 768w, https:\/\/club-des-ecureuils.fr\/wp-content\/uploads\/2025\/10\/Logo-Stickers-2025.png 928w\" sizes=\"auto, (max-width: 300px) 100vw, 300px\" \/><strong><span style=\"color: #0000ff;\"><span style=\"color: #ff6600;\">Nouveaut\u00e9 2025-2026<\/span> : Inscription + Licence Gratuite pour les f\u00e9minines !<\/span><\/strong><br \/>\n<strong><span style=\"color: #0000ff;\">si tu veux rouler dans un club sympa et convivial vient avec nous !!<\/span><\/strong><\/p>\n<p style=\"text-align: center;\"><strong><span style=\"color: #0000ff;\">&#8211;&gt; demande ton code de r\u00e9duction pour les f\u00e9minines \u00e0 <a href=\"mailto:vtt@club-des-ecureuils.fr\">vtt@club-des-ecureuils.fr<\/a><\/span><\/strong><\/p>\n<p style=\"text-align: center;\"><span style=\"font-size: revert;\">Toutes les informations : <\/span><span style=\"color: #0000ff;\"><strong><a style=\"font-size: revert; color: #0000ff;\" href=\"https:\/\/club-des-ecureuils.fr\/?page_id=4712\" target=\"_blank\" rel=\"noopener\">Inscription ou renouvellement<\/a> <span style=\"color: #ff0000;\">&lt;&#8211; <span style=\"font-size: revert;\">sont ici <\/span><\/span><\/strong><\/span><\/p>\n<h4 style=\"text-align: center;\"><strong><strong><span style=\"color: #ff6600;\">Les inscriptions Saison 2025-2026 sont ouvertes ici :\u00a0<iframe id=\"haWidget\" style=\"width: 100%; height: 70px; border: none;\" src=\"https:\/\/www.helloasso.com\/associations\/club-omnisports-et-culturel-des-ecureuils-section-vtt\/adhesions\/saison-2025-2026-club-cyclo-gravel-vtt\/widget-bouton\"> { const dataHeight = e.data.height; const haWidgetElement = document.getElementById(&lsquo;haWidget&rsquo;); haWidgetElement.height = dataHeight + &lsquo;px&rsquo;; } )\u00a0\u00bb &gt;<\/iframe><\/span><\/strong><\/strong><\/h4>\n<p><strong style=\"font-size: revert;\"><a href=\"https:\/\/club-des-ecureuils.fr\/?page_id=199\">Activit\u00e9s Cyclo &#8211; Gravel &#8211; VTT<\/a> \u2013 <a href=\"https:\/\/club-des-ecureuils.fr\/?page_id=201\">Horaires et Tarifs<\/a>\u00a0\u2013 <a href=\"https:\/\/club-des-ecureuils.fr\/?page_id=205\">Actualit\u00e9s<\/a> \u2013 <a href=\"https:\/\/club-des-ecureuils.fr\/?page_id=239\">Phototh\u00e8que<\/a> \u2013 <a href=\"https:\/\/club-des-ecureuils.fr\/?page_id=241\">Vid\u00e9oth\u00e8que<\/a><\/strong><strong style=\"font-size: revert;\">\u00a0&#8211; <a href=\"https:\/\/club-des-ecureuils.fr\/?page_id=604\">Section Jeunes<\/a> \u2013 <a href=\"https:\/\/club-des-ecureuils.fr\/?page_id=645\">Section Pitchounes<\/a>\u00a0&#8211; <a href=\"https:\/\/club-des-ecureuils.fr\/?page_id=1453\">Choix d&rsquo;un VTT<\/a>\u00a0&#8211; <a href=\"http:\/\/velo-reparation.fr\/index.php\" target=\"_blank\" rel=\"noopener noreferrer\">Guide d\u00e9pannage<\/a><\/strong><\/p>\n<div><span style=\"font-size: 1rem;\">La Section <span style=\"color: #0000ff;\"><strong>Cyclo &#8211; Gravel &#8211; VTT<\/strong><span style=\"color: #000000;\"> est anim\u00e9e par<\/span> <\/span><\/span><span style=\"color: #0000ff;\"><strong style=\"font-size: 1rem;\">VTT Parfum Nature<\/strong><\/span><span style=\"font-size: 1rem;\">,\u00a0 existe depuis 1998 au sein du club des \u00c9cureuils <\/span><span style=\"color: #0000ff;\"><span style=\"color: #000000;\">. La section <span style=\"font-size: 1rem;\">est affili\u00e9e \u00e0 l&rsquo;<strong><span style=\"color: #0000ff;\">UFOLEP pour l&rsquo;\u00e9cole VTT<\/span><\/strong> (de 7 \u00e0 16ans) <span style=\"color: #0000ff;\"><strong>et les comp\u00e9titions<\/strong><\/span>.\u00a0 La section est \u00e9galement affili\u00e9e \u00e0 la <span style=\"color: #0000ff;\"><strong>FNSMR<\/strong><\/span> (F\u00e9d\u00e9ration Nationale du Sport en Milieu Rural) pour les activit\u00e9s loisirs.<\/span><\/span><\/span><\/div>\n<div>\n<div>\n<div><\/div>\n<div><span style=\"color: #0000ff;\"><strong>Pour les Adultes \u00e0 partir de 17 ans<\/strong><\/span>, nous proposons toute l&rsquo;ann\u00e9e une pratique ludique et conviviale du <span style=\"color: #0000ff;\"><strong>Cyclo &#8211; Gravel &#8211; VTT<\/strong><\/span> sur le secteur de Marcheprime, Biganos, Lacanau de Mios, Mios, Salles, et bien plus encore.<\/div>\n<div><\/div>\n<\/div>\n<div><span style=\"color: #0000ff;\"><strong>Pour les Jeunes de 7 \u00e0 16 ans<\/strong><\/span>, nous proposons une \u00e9cole VTT,\u00a0 affili\u00e9e \u00e0 l&rsquo;UFOLEP, avec un calendrier interclub et de comp\u00e9tition D\u00e9partementale, R\u00e9gionale et Nationale.<\/div>\n<div><\/div>\n<div><span style=\"color: #0000ff;\"><strong>A partir de 12 ans ou selon les capacit\u00e9s physique<\/strong><\/span>, les jeunes pourront \u00e9galement avoir un entrainement Cyclo le samedi apr\u00e8s-midi ou le Dimanche matin (en fonction des conditions m\u00e9t\u00e9o).<\/div>\n<div>\n<div><\/div>\n<div>Pour cela, les membres de la section <span style=\"font-size: 1rem;\"><span style=\"color: #0000ff;\"><strong>Cyclo &#8211; Gravel &#8211; VTT<\/strong><\/span><\/span> entretiennent un r\u00e9seau de circuits agr\u00e9ables \u00e0 pratiquer en toute saison, relativement accident\u00e9s pour ce secteur et avec le moins de sable possible.<\/div>\n<\/div>\n<\/div>\n<div><\/div>\n<div><span style=\"color: #0000ff;\"><strong>Voici les informations pour les activit\u00e9s ADULTES : Cyclo &#8211; Gravel &#8211; VTT :<\/strong><\/span><\/div>\n<div><\/div>\n<div><\/div>\n<div>\n<p style=\"text-align: center;\"><a href=\"https:\/\/club-des-ecureuils.fr\/?attachment_id=6370\" rel=\"attachment wp-att-6370\"><img loading=\"lazy\" decoding=\"async\" class=\"alignnone size-full wp-image-6370\" src=\"https:\/\/club-des-ecureuils.fr\/wp-content\/uploads\/2025\/06\/Flyer-Club-Adulte-2025.png\" alt=\"\" width=\"627\" height=\"885\" srcset=\"https:\/\/club-des-ecureuils.fr\/wp-content\/uploads\/2025\/06\/Flyer-Club-Adulte-2025.png 627w, https:\/\/club-des-ecureuils.fr\/wp-content\/uploads\/2025\/06\/Flyer-Club-Adulte-2025-213x300.png 213w\" sizes=\"auto, (max-width: 627px) 100vw, 627px\" \/><\/a><\/p>\n<div>\n<div>\n<div>\n<p><span style=\"color: #0000ff;\"><strong>Voici les informations pour l&rsquo;\u00e9cole VTT (de 7 \u00e0 16 ans) :\u00a0<\/strong><\/span><\/p>\n<p><a href=\"https:\/\/club-des-ecureuils.fr\/?attachment_id=6371\" rel=\"attachment wp-att-6371\"><img loading=\"lazy\" decoding=\"async\" class=\"alignnone size-full wp-image-6371\" src=\"https:\/\/club-des-ecureuils.fr\/wp-content\/uploads\/2025\/06\/Flyer-Ecole-VTT-2025.png\" alt=\"\" width=\"664\" height=\"930\" srcset=\"https:\/\/club-des-ecureuils.fr\/wp-content\/uploads\/2025\/06\/Flyer-Ecole-VTT-2025.png 664w, https:\/\/club-des-ecureuils.fr\/wp-content\/uploads\/2025\/06\/Flyer-Ecole-VTT-2025-214x300.png 214w\" sizes=\"auto, (max-width: 664px) 100vw, 664px\" \/><\/a><\/p>\n<p><span style=\"color: #0000ff;\"><strong>Les points de regroupement sont d\u00e9finis par groupe :<\/strong><\/span><\/p>\n<ul>\n<li><strong><span style=\"color: #0000ff;\">Cyclo &#8211; le Samedi Apr\u00e8s-midi 14h15 : pour les Jeunes &amp; Adultes<\/span> : 12 rue Jacques BLIECK, \u00e0 Marcheprime\u00a0<\/strong><\/li>\n<li><strong><span style=\"color: #0000ff;\">Gravel &amp; VTT &#8211; le Dimanche \u00e0 9h00 : pour les Adultes<\/span> : 12 rue Jacques BLIECK, \u00e0 Marcheprime<\/strong><\/li>\n<li><strong><span style=\"color: #0000ff;\">Entrainement VTT &#8211; le Samedi matin \u00e0 partir de 9h30 pour les Jeunes et les Pitchounes <\/span>: Lac de croix d&rsquo;Hins, Rue de la station, \u00e0 Marcheprime<\/strong><\/li>\n<\/ul>\n<p><strong>Retrouver les derni\u00e8res sorties \u00e0 v\u00e9lo du club sur STRAVA :<\/strong><br \/>\n<iframe allowtransparency='true' frameborder='0' height='454' scrolling='no' src='https:\/\/www.strava.com\/clubs\/456191\/latest-rides\/b1b6635f2490b8a8bf94f7acb095bd29958c1e0c?show_rides=true' width='300'><\/iframe><\/p>\n<p><strong>Les statistiques du club pour la semaine en cours<\/strong><br \/>\n<iframe allowtransparency='true' frameborder='0' height='160' scrolling='no' src='https:\/\/www.strava.com\/clubs\/456191\/latest-rides\/b1b6635f2490b8a8bf94f7acb095bd29958c1e0c?show_rides=false' width='300'><\/iframe><\/p>\n<p>Pour tous renseignements vous pouvez nous contacter avec les coordonn\u00e9es ci-dessous.<br \/>\nSportivement !<\/p>\n<div>Lo\u00efc ZAMPARO<\/div>\n<div><strong>Pr\u00e9sident<\/strong><\/div>\n<div><strong>Section\u00a0VTT Parfum Nature<\/strong><\/div>\n<div>Tel : 06 85 58 49 21<\/div>\n<p>@ :\u00a0<span id=\"OBJ_PREFIX_DWT59_com_zimbra_email\" class=\"Object\"><a href=\"mailto:vtt@club-des-ecureuils.fr\">vtt@club-des-ecureuils.fr<\/a><\/span><\/p>\n<\/div>\n<div class=\"alignnone\"><img loading=\"lazy\" decoding=\"async\" id=\"rg_hi\" class=\"rg_hi uh_hi\" src=\"https:\/\/encrypted-tbn1.gstatic.com\/images?q=tbn:ANd9GcRJDa2T6arPp3vfb638EUwWLI-Sw9gbyU8C_xwXwC2IWNkIfM43\" alt=\"\" width=\"37\" height=\"37\" data-width=\"225\" data-height=\"225\" \/><a href=\"https:\/\/www.facebook.com\/pages\/VTT-Parfum-Nature-Marcheprime\/161675257222667\" target=\"_blank\" rel=\"noopener noreferrer\">Facebook VTT Parfum nature<\/a><\/div>\n<\/div>\n<\/div>\n<\/div>\n","protected":false},"excerpt":{"rendered":"<p>Nouveaut\u00e9 2025-2026 : Inscription + Licence Gratuite pour les f\u00e9minines ! si tu veux rouler dans un club sympa et convivial vient avec nous !! &#8211;&gt; demande ton code de r\u00e9duction pour les f\u00e9minines \u00e0 vtt@club-des-ecureuils.fr Toutes les informations : Inscription ou renouvellement &lt;&#8211; sont ici Les inscriptions Saison 2025-2026 sont ouvertes ici :\u00a0 { &hellip; <\/p>\n<p class=\"link-more\"><a href=\"https:\/\/club-des-ecureuils.fr\/?page_id=199\" class=\"more-link\">Continuer la lecture<span class=\"screen-reader-text\"> de &laquo;&nbsp;Cyclisme (Cyclo &#8211; Gravel &#8211; VTT)&nbsp;&raquo;<\/span><\/a><\/p>\n","protected":false},"author":1,"featured_media":0,"parent":28,"menu_order":9,"comment_status":"closed","ping_status":"closed","template":"","meta":{"footnotes":""},"class_list":["post-199","page","type-page","status-publish","hentry"],"_links":{"self":[{"href":"https:\/\/club-des-ecureuils.fr\/index.php?rest_route=\/wp\/v2\/pages\/199","targetHints":{"allow":["GET"]}}],"collection":[{"href":"https:\/\/club-des-ecureuils.fr\/index.php?rest_route=\/wp\/v2\/pages"}],"about":[{"href":"https:\/\/club-des-ecureuils.fr\/index.php?rest_route=\/wp\/v2\/types\/page"}],"author":[{"embeddable":true,"href":"https:\/\/club-des-ecureuils.fr\/index.php?rest_route=\/wp\/v2\/users\/1"}],"replies":[{"embeddable":true,"href":"https:\/\/club-des-ecureuils.fr\/index.php?rest_route=%2Fwp%2Fv2%2Fcomments&post=199"}],"version-history":[{"count":155,"href":"https:\/\/club-des-ecureuils.fr\/index.php?rest_route=\/wp\/v2\/pages\/199\/revisions"}],"predecessor-version":[{"id":7655,"href":"https:\/\/club-des-ecureuils.fr\/index.php?rest_route=\/wp\/v2\/pages\/199\/revisions\/7655"}],"up":[{"embeddable":true,"href":"https:\/\/club-des-ecureuils.fr\/index.php?rest_route=\/wp\/v2\/pages\/28"}],"wp:attachment":[{"href":"https:\/\/club-des-ecureuils.fr\/index.php?rest_route=%2Fwp%2Fv2%2Fmedia&parent=199"}],"curies":[{"name":"wp","href":"https:\/\/api.w.org\/{rel}","templated":true}]}}