{"id":645,"date":"2015-09-07T08:12:24","date_gmt":"2015-09-07T08:12:24","guid":{"rendered":"http:\/\/club-des-ecureuils.fr\/?page_id=645"},"modified":"2025-10-15T16:31:39","modified_gmt":"2025-10-15T16:31:39","slug":"pitchounes","status":"publish","type":"page","link":"https:\/\/club-des-ecureuils.fr\/?page_id=645","title":{"rendered":"Pitchounes VTT"},"content":{"rendered":"<div class=\"wp-block-image\">\n<figure class=\"aligncenter\"><img loading=\"lazy\" decoding=\"async\" width=\"300\" height=\"107\" src=\"https:\/\/club-des-ecureuils.fr\/wp-content\/uploads\/2025\/10\/Logo-Stickers-2025-300x107.png\" alt=\"\" class=\"wp-image-6834\" srcset=\"https:\/\/club-des-ecureuils.fr\/wp-content\/uploads\/2025\/10\/Logo-Stickers-2025-300x107.png 300w, https:\/\/club-des-ecureuils.fr\/wp-content\/uploads\/2025\/10\/Logo-Stickers-2025-768x275.png 768w, https:\/\/club-des-ecureuils.fr\/wp-content\/uploads\/2025\/10\/Logo-Stickers-2025.png 928w\" sizes=\"auto, (max-width: 300px) 100vw, 300px\" \/><\/figure>\n<\/div>\n\n\n<p class=\"has-text-align-center\"><strong><a href=\"https:\/\/club-des-ecureuils.fr\/?page_id=199\">Section VTT<\/a> \u2013 <a href=\"https:\/\/club-des-ecureuils.fr\/?page_id=201\">Horaires et Tarifs<\/a>&nbsp;\u2013 <a href=\"https:\/\/club-des-ecureuils.fr\/?page_id=205\">Actualit\u00e9s<\/a> \u2013 <a href=\"https:\/\/club-des-ecureuils.fr\/?page_id=239\">Phototh\u00e8que<\/a> \u2013 <a href=\"https:\/\/club-des-ecureuils.fr\/?page_id=241\">Vid\u00e9oth\u00e8que<\/a><\/strong><\/p>\n\n\n\n<p class=\"has-text-align-center\"><strong><a href=\"https:\/\/club-des-ecureuils.fr\/?page_id=604\">Section Jeunes<\/a> \u2013 <a href=\"https:\/\/club-des-ecureuils.fr\/?page_id=645\">Section Pitchounes<\/a>&nbsp;&#8211; <a href=\"https:\/\/club-des-ecureuils.fr\/?page_id=1453\">Choix d&rsquo;un VTT<\/a><\/strong><\/p>\n\n\n\n<p class=\"has-text-align-center\"><strong>La section pour les Pitchounes (7 \u00e0 9 ans)<\/strong><\/p>\n\n\n\n<p class=\"has-text-align-left\"><strong>La Section Pitchounes VTT<\/strong> accueil les enfants de <strong>7 \u00e0 9 ans<\/strong> <strong>(\u00e0 partir de 7 ans et selon la capacit\u00e9 physique de l\u2019enfant)<\/strong>. &nbsp;L&rsquo;entrainement est tout les samedi Matins de <strong><span style=\"color: #ff0000;\">10h00<\/span> \u00e0 12h00<\/strong> (sauf vacances scolaires).<\/p>\n\n\n\n<p>La section Pitchounes \u00e0 pour but de faire d\u00e9couvrir le VTT aux plus jeunes,&nbsp;\u00e0 travers une d\u00e9marche&nbsp;d\u2019apprentissage simple et ludique.&nbsp;Une progression p\u00e9dagogique visant \u00e0 faire des Pitchounes, des VTTistes complets. Le plaisir de faire du VTT avec les copains et copines.<\/p>\n\n\n\n<p><strong><span style=\"text-decoration: underline;\">\u00c9quipements obligatoires :<\/span><\/strong><\/p>\n\n\n\n<ul class=\"wp-block-list\">\n<li>1 VTT en bon \u00e9tat de marche, (Les freins, les changements de vitesse, le pneus doivent \u00eatre en bon \u00e9tat)<\/li>\n\n\n\n<li>1 Casque.<\/li>\n\n\n\n<li>1 sac \u00e0 eau,&nbsp; 1 sac \u00e0 dos avec une bouteille, ou encore une gourde.<\/li>\n\n\n\n<li>1 barre de c\u00e9r\u00e9ale ou popote.<\/li>\n\n\n\n<li>Lunettes de soleil et des gants.<\/li>\n<\/ul>\n\n\n\n<p>Le Calendrier des entra\u00eenements est ici : <a href=\"https:\/\/vtt-pitchounes.yaentrainement.fr\/events\" target=\"_blank\" rel=\"noreferrer noopener\">https:\/\/vtt-pitchounes.yaentrainement.fr\/events<\/a><\/p>\n\n\n<div class=\"wp-block-image\">\n<figure class=\"alignleft is-resized\"><a href=\"https:\/\/club-des-ecureuils.fr\/?attachment_id=3557\" rel=\"attachment wp-att-3557\"><img loading=\"lazy\" decoding=\"async\" width=\"300\" height=\"225\" src=\"https:\/\/club-des-ecureuils.fr\/wp-content\/uploads\/2015\/09\/14022230_10154497993893421_6608915773492275791_n-300x225.jpg\" alt=\"\" class=\"wp-image-3557\" style=\"width:238px;height:179px\" srcset=\"https:\/\/club-des-ecureuils.fr\/wp-content\/uploads\/2015\/09\/14022230_10154497993893421_6608915773492275791_n-300x225.jpg 300w, https:\/\/club-des-ecureuils.fr\/wp-content\/uploads\/2015\/09\/14022230_10154497993893421_6608915773492275791_n-768x576.jpg 768w, https:\/\/club-des-ecureuils.fr\/wp-content\/uploads\/2015\/09\/14022230_10154497993893421_6608915773492275791_n-100x75.jpg 100w, https:\/\/club-des-ecureuils.fr\/wp-content\/uploads\/2015\/09\/14022230_10154497993893421_6608915773492275791_n-150x113.jpg 150w, https:\/\/club-des-ecureuils.fr\/wp-content\/uploads\/2015\/09\/14022230_10154497993893421_6608915773492275791_n-200x150.jpg 200w, https:\/\/club-des-ecureuils.fr\/wp-content\/uploads\/2015\/09\/14022230_10154497993893421_6608915773492275791_n-450x338.jpg 450w, https:\/\/club-des-ecureuils.fr\/wp-content\/uploads\/2015\/09\/14022230_10154497993893421_6608915773492275791_n-600x450.jpg 600w, https:\/\/club-des-ecureuils.fr\/wp-content\/uploads\/2015\/09\/14022230_10154497993893421_6608915773492275791_n-900x675.jpg 900w, https:\/\/club-des-ecureuils.fr\/wp-content\/uploads\/2015\/09\/14022230_10154497993893421_6608915773492275791_n.jpg 960w\" sizes=\"auto, (max-width: 300px) 100vw, 300px\" \/><\/a><\/figure>\n<\/div>\n\n\n<p>Les Pitchounes seront Coatch\u00e9s par Rodolphe qui sera l&rsquo;animateur d\u00e9dier \u00e0 la section Pitchounes. Il organisera des s\u00e9ances techniques d&rsquo;environ 30 \u00e0 45 minutes. Ensuite les Pitchounes font une sortie en for\u00eat.<br>Tel : 06 80 25 40 13<br>@ : <a href=\"mailto:vtt@club-des-ecureuils.fr\">vtt@club-des-ecureuils.fr<\/a><\/p>\n\n\n\n<h2 class=\"wp-block-heading\"><span style=\"text-decoration: underline;\"><strong>Projet \u00e9ducatif :<\/strong><\/span><\/h2>\n\n\n\n<p>D\u00e9velopper la pratique du V\u00e9lo Tout Terrain (VTT) chez les plus jeunes, filles et gar\u00e7ons, de 7 \u00e0 9 ans.<br><strong>Objectifs :&nbsp;<\/strong><br>\u2022&nbsp;S\u2019initier, apprendre et se perfectionner \u00e0 la pratique du v\u00e9lo, dans un esprit ludique et convivial<br>\u2022&nbsp;Donner le go\u00fbt de l\u2019effort et du d\u00e9passement de soi<br>\u2022&nbsp;Se former \u00e0 une pratique s\u00e9curis\u00e9e du v\u00e9lo d\u00e8s le plus jeune \u00e2ge<br>\u2022&nbsp;Former des citoyens sportifs, acteurs d\u2019une pratique responsable et durable du v\u00e9lo<br><strong>D\u00e9marche :<\/strong><br>\u2022&nbsp;Une progression p\u00e9dagogique adapt\u00e9e aux aptitudes des enfants et par tranche d\u2019\u00e2ge<br>\u2022&nbsp;5 niveaux d\u2019apprentissage allant de l\u2019initiation au perfectionnement technique<br>\u2022&nbsp;Des animateurs b\u00e9n\u00e9voles form\u00e9s par l&rsquo;UFOLEP,<br>\u2022&nbsp;Des outils techniques et p\u00e9dagogiques de l&rsquo;UFOLEP<br>\u2022&nbsp;Des challenges inter clubs r\u00e9guliers (Kid Bike)<\/p>\n\n\n<div class=\"wp-block-image\">\n<figure class=\"aligncenter\"><a href=\"https:\/\/club-des-ecureuils.fr\/wp-content\/uploads\/2015\/09\/Parcours-jeunes.png\"><img loading=\"lazy\" decoding=\"async\" width=\"507\" height=\"683\" src=\"https:\/\/club-des-ecureuils.fr\/wp-content\/uploads\/2015\/09\/Parcours-jeunes.png\" alt=\"Parcours jeunes\" class=\"wp-image-606\" srcset=\"https:\/\/club-des-ecureuils.fr\/wp-content\/uploads\/2015\/09\/Parcours-jeunes.png 507w, https:\/\/club-des-ecureuils.fr\/wp-content\/uploads\/2015\/09\/Parcours-jeunes-223x300.png 223w, https:\/\/club-des-ecureuils.fr\/wp-content\/uploads\/2015\/09\/Parcours-jeunes-100x135.png 100w, https:\/\/club-des-ecureuils.fr\/wp-content\/uploads\/2015\/09\/Parcours-jeunes-150x202.png 150w, https:\/\/club-des-ecureuils.fr\/wp-content\/uploads\/2015\/09\/Parcours-jeunes-200x269.png 200w, https:\/\/club-des-ecureuils.fr\/wp-content\/uploads\/2015\/09\/Parcours-jeunes-300x404.png 300w, https:\/\/club-des-ecureuils.fr\/wp-content\/uploads\/2015\/09\/Parcours-jeunes-450x606.png 450w\" sizes=\"auto, (max-width: 507px) 100vw, 507px\" \/><\/a><\/figure>\n<\/div>\n\n\n<p><strong>Vid\u00e9o UFOLEP Kid Bike :<\/strong><\/p>\n\n\n\n<figure class=\"wp-block-embed is-type-video is-provider-youtube wp-block-embed-youtube wp-embed-aspect-16-9 wp-has-aspect-ratio\"><div class=\"wp-block-embed__wrapper\">\n<iframe loading=\"lazy\" title=\"UFOLEP   KID BIKE\" width=\"525\" height=\"295\" src=\"https:\/\/www.youtube.com\/embed\/bPNI8p7SZTA?feature=oembed\" frameborder=\"0\" allow=\"accelerometer; autoplay; clipboard-write; encrypted-media; gyroscope; picture-in-picture; web-share\" referrerpolicy=\"strict-origin-when-cross-origin\" allowfullscreen><\/iframe>\n<\/div><\/figure>\n\n\n\n<p><script src=\"\/\/cdn.embedly.com\/widgets\/platform.js\" async=\"\" charset=\"UTF-8\"><\/script><\/p>\n","protected":false},"excerpt":{"rendered":"<p>Section VTT \u2013 Horaires et Tarifs&nbsp;\u2013 Actualit\u00e9s \u2013 Phototh\u00e8que \u2013 Vid\u00e9oth\u00e8que Section Jeunes \u2013 Section Pitchounes&nbsp;&#8211; Choix d&rsquo;un VTT La section pour les Pitchounes (7 \u00e0 9 ans) La Section Pitchounes VTT accueil les enfants de 7 \u00e0 9 ans (\u00e0 partir de 7 ans et selon la capacit\u00e9 physique de l\u2019enfant). &nbsp;L&rsquo;entrainement est tout &hellip; <\/p>\n<p class=\"link-more\"><a href=\"https:\/\/club-des-ecureuils.fr\/?page_id=645\" class=\"more-link\">Continuer la lecture<span class=\"screen-reader-text\"> de &laquo;&nbsp;Pitchounes VTT&nbsp;&raquo;<\/span><\/a><\/p>\n","protected":false},"author":1,"featured_media":0,"parent":199,"menu_order":6,"comment_status":"closed","ping_status":"closed","template":"","meta":{"footnotes":""},"class_list":["post-645","page","type-page","status-publish","hentry"],"_links":{"self":[{"href":"https:\/\/club-des-ecureuils.fr\/index.php?rest_route=\/wp\/v2\/pages\/645","targetHints":{"allow":["GET"]}}],"collection":[{"href":"https:\/\/club-des-ecureuils.fr\/index.php?rest_route=\/wp\/v2\/pages"}],"about":[{"href":"https:\/\/club-des-ecureuils.fr\/index.php?rest_route=\/wp\/v2\/types\/page"}],"author":[{"embeddable":true,"href":"https:\/\/club-des-ecureuils.fr\/index.php?rest_route=\/wp\/v2\/users\/1"}],"replies":[{"embeddable":true,"href":"https:\/\/club-des-ecureuils.fr\/index.php?rest_route=%2Fwp%2Fv2%2Fcomments&post=645"}],"version-history":[{"count":44,"href":"https:\/\/club-des-ecureuils.fr\/index.php?rest_route=\/wp\/v2\/pages\/645\/revisions"}],"predecessor-version":[{"id":6839,"href":"https:\/\/club-des-ecureuils.fr\/index.php?rest_route=\/wp\/v2\/pages\/645\/revisions\/6839"}],"up":[{"embeddable":true,"href":"https:\/\/club-des-ecureuils.fr\/index.php?rest_route=\/wp\/v2\/pages\/199"}],"wp:attachment":[{"href":"https:\/\/club-des-ecureuils.fr\/index.php?rest_route=%2Fwp%2Fv2%2Fmedia&parent=645"}],"curies":[{"name":"wp","href":"https:\/\/api.w.org\/{rel}","templated":true}]}}